{"id":4190,"date":"2025-10-26T17:16:22","date_gmt":"2025-10-26T16:16:22","guid":{"rendered":"https:\/\/irtnanoelec.fr\/?post_type=evenement&#038;p=4190"},"modified":"2025-11-18T09:15:09","modified_gmt":"2025-11-18T08:15:09","slug":"attractivite-nuit-de-lorientation-cci-grenoble","status":"publish","type":"evenement","link":"https:\/\/irtnanoelec.fr\/en\/evenement\/attractivite-nuit-de-lorientation-cci-grenoble\/","title":{"rendered":"[Attractivit\u00e9] Nuit\u00a0de l&#8217;orientation \/ CCI Grenoble"},"content":{"rendered":"    <section class=\" section-block push-edito \" id=\"block-block_172b5e3b8a94207e91d1f572e7292643\">\n        <div class=\"container\">\n            <div class=\"flex gap-6 items-center flex-md-column-reverse flex-row-reverse\">\n                                <div class=\"bg-neutral-0 z-9 flex justify-center flex-column col-sm-12 flex-1\">\n                    <h2 class=\"heading-m neutral-800 mb-4\"><span class=\"block mb-6 h-4 w-64 bg-brand-lightest\"><\/span>[Attractivit\u00e9] Nuit\u00a0de l&#039;orientation \/ CCI Grenoble<\/h2><div class=\"description\"><p>Nanoelec partenaire du collectif &#8220;Femmes dans la tech en Is\u00e8re&#8221; pour \u00e0 la Nuit de l&#8217;orientation 2025, le 21 novembre prochain \u00e0 Grenoble. RDV de 17h \u00e0 22h au Campus de Saint-Martin-d&#8217;H\u00e8res. Retrouvez notre \u00e9quipe interentreprise qui pr\u00e9sentera les carri\u00e8res de la micro\u00e9lectronique : <a href=\"https:\/\/www.linkedin.com\/in\/floregouaux\/\" target=\"_blank\" rel=\"noopener\">Flore Gouaux<\/a>, <a href=\"https:\/\/www.linkedin.com\/in\/lucile-arnaud-62a742243\/\" target=\"_blank\" rel=\"noopener\">Lucile Di maria<\/a>, <a href=\"https:\/\/www.linkedin.com\/in\/renan-bouis-a3b36859\/\" target=\"_blank\" rel=\"noopener\">Renan Bouis<\/a>, <a href=\"https:\/\/www.linkedin.com\/in\/muriel-dupont-654b075b\/\" target=\"_blank\" rel=\"noopener\">Muriel Dupont<\/a>, <a href=\"https:\/\/www.linkedin.com\/in\/patricia-rollandet-03100192\/\" target=\"_blank\" rel=\"noopener\">Patricia Rollandet<\/a>, <a href=\"https:\/\/www.linkedin.com\/in\/anne-merlande-17602b8\/\" target=\"_blank\" rel=\"noopener\">Anne Merlande<\/a>, <a href=\"https:\/\/www.linkedin.com\/in\/dany-adolphe-b508b94\/\" target=\"_blank\" rel=\"noopener\">Dany Adolphe<\/a>\u00a0t\u00e9moigneront de leurs parcours et de leur passion pour leurs m\u00e9tiers \u00e0 travers deux conf\u00e9rences (19h30 &amp;21h) et des speed datings tout au long de la soir\u00e9e.<\/p>\n<\/div>                        <div class=\"links-wrap mt-6 gap-4 flex flex-wrap\">\n                            <a href=\"https:\/\/www.nuitdelorientation-grenoble.fr\/\" class=\"bg-brand-default button text-white\" target=\"_blank\" rel=\"noopener\">Nuit de l&#8217;orientation CCI Grenoble 2025<\/a>                        <\/div>\n                                    <\/div>\n                \n                   \n            <\/div>\n        <\/div>\n    <\/section>\n","protected":false},"featured_media":4198,"template":"","meta":{"_acf_changed":true,"inline_featured_image":false},"class_list":["post-4190","evenement","type-evenement","status-publish","has-post-thumbnail","hentry"],"acf":[],"yoast_head":"<!-- This site is optimized with the Yoast SEO plugin v27.1.1 - https:\/\/yoast.com\/product\/yoast-seo-wordpress\/ -->\n<title>[Attractivit\u00e9] Nuit\u00a0de l&#039;orientation \/ CCI Grenoble - IRT Nanoelec<\/title>\n<meta name=\"robots\" content=\"index, follow, max-snippet:-1, max-image-preview:large, max-video-preview:-1\" \/>\n<link rel=\"canonical\" href=\"https:\/\/irtnanoelec.fr\/en\/evenement\/attractivite-nuit-de-lorientation-cci-grenoble\/\" \/>\n<meta property=\"og:locale\" content=\"en_US\" \/>\n<meta property=\"og:type\" content=\"article\" \/>\n<meta property=\"og:title\" content=\"[Attractivit\u00e9] Nuit\u00a0de l&#039;orientation \/ CCI Grenoble - IRT Nanoelec\" \/>\n<meta property=\"og:url\" content=\"https:\/\/irtnanoelec.fr\/en\/evenement\/attractivite-nuit-de-lorientation-cci-grenoble\/\" \/>\n<meta property=\"og:site_name\" content=\"IRT Nanoelec\" \/>\n<meta property=\"article:modified_time\" content=\"2025-11-18T08:15:09+00:00\" \/>\n<meta property=\"og:image\" content=\"https:\/\/irtnanoelec.fr\/wp-content\/uploads\/2025\/10\/Affiche-A3-kit-com-NDO-2025-2-scaled.jpg\" \/>\n\t<meta property=\"og:image:width\" content=\"1810\" \/>\n\t<meta property=\"og:image:height\" content=\"2560\" \/>\n\t<meta property=\"og:image:type\" content=\"image\/jpeg\" \/>\n<meta name=\"twitter:card\" content=\"summary_large_image\" \/>\n<meta name=\"twitter:label1\" content=\"Est. reading time\" \/>\n\t<meta name=\"twitter:data1\" content=\"1 minute\" \/>\n<script type=\"application\/ld+json\" class=\"yoast-schema-graph\">{\"@context\":\"https:\/\/schema.org\",\"@graph\":[{\"@type\":\"WebPage\",\"@id\":\"https:\/\/irtnanoelec.fr\/en\/evenement\/attractivite-nuit-de-lorientation-cci-grenoble\/\",\"url\":\"https:\/\/irtnanoelec.fr\/en\/evenement\/attractivite-nuit-de-lorientation-cci-grenoble\/\",\"name\":\"[Attractivit\u00e9] Nuit\u00a0de l'orientation \/ CCI Grenoble - IRT Nanoelec\",\"isPartOf\":{\"@id\":\"https:\/\/irtnanoelec.fr\/en\/#website\"},\"primaryImageOfPage\":{\"@id\":\"https:\/\/irtnanoelec.fr\/en\/evenement\/attractivite-nuit-de-lorientation-cci-grenoble\/#primaryimage\"},\"image\":{\"@id\":\"https:\/\/irtnanoelec.fr\/en\/evenement\/attractivite-nuit-de-lorientation-cci-grenoble\/#primaryimage\"},\"thumbnailUrl\":\"https:\/\/irtnanoelec.fr\/wp-content\/uploads\/2025\/10\/Affiche-A3-kit-com-NDO-2025-2-scaled.jpg\",\"datePublished\":\"2025-10-26T16:16:22+00:00\",\"dateModified\":\"2025-11-18T08:15:09+00:00\",\"breadcrumb\":{\"@id\":\"https:\/\/irtnanoelec.fr\/en\/evenement\/attractivite-nuit-de-lorientation-cci-grenoble\/#breadcrumb\"},\"inLanguage\":\"en-US\",\"potentialAction\":[{\"@type\":\"ReadAction\",\"target\":[\"https:\/\/irtnanoelec.fr\/en\/evenement\/attractivite-nuit-de-lorientation-cci-grenoble\/\"]}]},{\"@type\":\"ImageObject\",\"inLanguage\":\"en-US\",\"@id\":\"https:\/\/irtnanoelec.fr\/en\/evenement\/attractivite-nuit-de-lorientation-cci-grenoble\/#primaryimage\",\"url\":\"https:\/\/irtnanoelec.fr\/wp-content\/uploads\/2025\/10\/Affiche-A3-kit-com-NDO-2025-2-scaled.jpg\",\"contentUrl\":\"https:\/\/irtnanoelec.fr\/wp-content\/uploads\/2025\/10\/Affiche-A3-kit-com-NDO-2025-2-scaled.jpg\",\"width\":1810,\"height\":2560},{\"@type\":\"BreadcrumbList\",\"@id\":\"https:\/\/irtnanoelec.fr\/en\/evenement\/attractivite-nuit-de-lorientation-cci-grenoble\/#breadcrumb\",\"itemListElement\":[{\"@type\":\"ListItem\",\"position\":1,\"name\":\"Home\",\"item\":\"https:\/\/irtnanoelec.fr\/en\/\"},{\"@type\":\"ListItem\",\"position\":2,\"name\":\"[Attractivit\u00e9] Nuit\u00a0de l&rsquo;orientation \/ CCI Grenoble\"}]},{\"@type\":\"WebSite\",\"@id\":\"https:\/\/irtnanoelec.fr\/en\/#website\",\"url\":\"https:\/\/irtnanoelec.fr\/en\/\",\"name\":\"IRT Nanoelec\",\"description\":\"\",\"publisher\":{\"@id\":\"https:\/\/irtnanoelec.fr\/en\/#organization\"},\"potentialAction\":[{\"@type\":\"SearchAction\",\"target\":{\"@type\":\"EntryPoint\",\"urlTemplate\":\"https:\/\/irtnanoelec.fr\/en\/?s={search_term_string}\"},\"query-input\":{\"@type\":\"PropertyValueSpecification\",\"valueRequired\":true,\"valueName\":\"search_term_string\"}}],\"inLanguage\":\"en-US\"},{\"@type\":\"Organization\",\"@id\":\"https:\/\/irtnanoelec.fr\/en\/#organization\",\"name\":\"IRT Nanoelec\",\"url\":\"https:\/\/irtnanoelec.fr\/en\/\",\"logo\":{\"@type\":\"ImageObject\",\"inLanguage\":\"en-US\",\"@id\":\"https:\/\/irtnanoelec.fr\/en\/#\/schema\/logo\/image\/\",\"url\":\"https:\/\/irtnanoelec.fr\/wp-content\/uploads\/2025\/07\/irt-nanoelec.svg\",\"contentUrl\":\"https:\/\/irtnanoelec.fr\/wp-content\/uploads\/2025\/07\/irt-nanoelec.svg\",\"width\":181,\"height\":89,\"caption\":\"IRT Nanoelec\"},\"image\":{\"@id\":\"https:\/\/irtnanoelec.fr\/en\/#\/schema\/logo\/image\/\"}}]}<\/script>\n<!-- \/ Yoast SEO plugin. -->","yoast_head_json":{"title":"[Attractivit\u00e9] Nuit\u00a0de l'orientation \/ CCI Grenoble - IRT Nanoelec","robots":{"index":"index","follow":"follow","max-snippet":"max-snippet:-1","max-image-preview":"max-image-preview:large","max-video-preview":"max-video-preview:-1"},"canonical":"https:\/\/irtnanoelec.fr\/en\/evenement\/attractivite-nuit-de-lorientation-cci-grenoble\/","og_locale":"en_US","og_type":"article","og_title":"[Attractivit\u00e9] Nuit\u00a0de l'orientation \/ CCI Grenoble - IRT Nanoelec","og_url":"https:\/\/irtnanoelec.fr\/en\/evenement\/attractivite-nuit-de-lorientation-cci-grenoble\/","og_site_name":"IRT Nanoelec","article_modified_time":"2025-11-18T08:15:09+00:00","og_image":[{"width":1810,"height":2560,"url":"https:\/\/irtnanoelec.fr\/wp-content\/uploads\/2025\/10\/Affiche-A3-kit-com-NDO-2025-2-scaled.jpg","type":"image\/jpeg"}],"twitter_card":"summary_large_image","twitter_misc":{"Est. reading time":"1 minute"},"schema":{"@context":"https:\/\/schema.org","@graph":[{"@type":"WebPage","@id":"https:\/\/irtnanoelec.fr\/en\/evenement\/attractivite-nuit-de-lorientation-cci-grenoble\/","url":"https:\/\/irtnanoelec.fr\/en\/evenement\/attractivite-nuit-de-lorientation-cci-grenoble\/","name":"[Attractivit\u00e9] Nuit\u00a0de l'orientation \/ CCI Grenoble - IRT Nanoelec","isPartOf":{"@id":"https:\/\/irtnanoelec.fr\/en\/#website"},"primaryImageOfPage":{"@id":"https:\/\/irtnanoelec.fr\/en\/evenement\/attractivite-nuit-de-lorientation-cci-grenoble\/#primaryimage"},"image":{"@id":"https:\/\/irtnanoelec.fr\/en\/evenement\/attractivite-nuit-de-lorientation-cci-grenoble\/#primaryimage"},"thumbnailUrl":"https:\/\/irtnanoelec.fr\/wp-content\/uploads\/2025\/10\/Affiche-A3-kit-com-NDO-2025-2-scaled.jpg","datePublished":"2025-10-26T16:16:22+00:00","dateModified":"2025-11-18T08:15:09+00:00","breadcrumb":{"@id":"https:\/\/irtnanoelec.fr\/en\/evenement\/attractivite-nuit-de-lorientation-cci-grenoble\/#breadcrumb"},"inLanguage":"en-US","potentialAction":[{"@type":"ReadAction","target":["https:\/\/irtnanoelec.fr\/en\/evenement\/attractivite-nuit-de-lorientation-cci-grenoble\/"]}]},{"@type":"ImageObject","inLanguage":"en-US","@id":"https:\/\/irtnanoelec.fr\/en\/evenement\/attractivite-nuit-de-lorientation-cci-grenoble\/#primaryimage","url":"https:\/\/irtnanoelec.fr\/wp-content\/uploads\/2025\/10\/Affiche-A3-kit-com-NDO-2025-2-scaled.jpg","contentUrl":"https:\/\/irtnanoelec.fr\/wp-content\/uploads\/2025\/10\/Affiche-A3-kit-com-NDO-2025-2-scaled.jpg","width":1810,"height":2560},{"@type":"BreadcrumbList","@id":"https:\/\/irtnanoelec.fr\/en\/evenement\/attractivite-nuit-de-lorientation-cci-grenoble\/#breadcrumb","itemListElement":[{"@type":"ListItem","position":1,"name":"Home","item":"https:\/\/irtnanoelec.fr\/en\/"},{"@type":"ListItem","position":2,"name":"[Attractivit\u00e9] Nuit\u00a0de l&rsquo;orientation \/ CCI Grenoble"}]},{"@type":"WebSite","@id":"https:\/\/irtnanoelec.fr\/en\/#website","url":"https:\/\/irtnanoelec.fr\/en\/","name":"IRT Nanoelec","description":"","publisher":{"@id":"https:\/\/irtnanoelec.fr\/en\/#organization"},"potentialAction":[{"@type":"SearchAction","target":{"@type":"EntryPoint","urlTemplate":"https:\/\/irtnanoelec.fr\/en\/?s={search_term_string}"},"query-input":{"@type":"PropertyValueSpecification","valueRequired":true,"valueName":"search_term_string"}}],"inLanguage":"en-US"},{"@type":"Organization","@id":"https:\/\/irtnanoelec.fr\/en\/#organization","name":"IRT Nanoelec","url":"https:\/\/irtnanoelec.fr\/en\/","logo":{"@type":"ImageObject","inLanguage":"en-US","@id":"https:\/\/irtnanoelec.fr\/en\/#\/schema\/logo\/image\/","url":"https:\/\/irtnanoelec.fr\/wp-content\/uploads\/2025\/07\/irt-nanoelec.svg","contentUrl":"https:\/\/irtnanoelec.fr\/wp-content\/uploads\/2025\/07\/irt-nanoelec.svg","width":181,"height":89,"caption":"IRT Nanoelec"},"image":{"@id":"https:\/\/irtnanoelec.fr\/en\/#\/schema\/logo\/image\/"}}]}},"_links":{"self":[{"href":"https:\/\/irtnanoelec.fr\/en\/wp-json\/wp\/v2\/evenement\/4190","targetHints":{"allow":["GET"]}}],"collection":[{"href":"https:\/\/irtnanoelec.fr\/en\/wp-json\/wp\/v2\/evenement"}],"about":[{"href":"https:\/\/irtnanoelec.fr\/en\/wp-json\/wp\/v2\/types\/evenement"}],"wp:featuredmedia":[{"embeddable":true,"href":"https:\/\/irtnanoelec.fr\/en\/wp-json\/wp\/v2\/media\/4198"}],"wp:attachment":[{"href":"https:\/\/irtnanoelec.fr\/en\/wp-json\/wp\/v2\/media?parent=4190"}],"curies":[{"name":"wp","href":"https:\/\/api.w.org\/{rel}","templated":true}]}}